{"id":4044,"date":"2024-07-15T14:47:28","date_gmt":"2024-07-15T18:47:28","guid":{"rendered":"https:\/\/www.famfestchile.cl\/event\/agua\/"},"modified":"2024-07-15T15:47:24","modified_gmt":"2024-07-15T19:47:24","slug":"agua","status":"publish","type":"tribe_events","link":"https:\/\/www.famfestchile.cl\/en\/evento\/agua\/","title":{"rendered":"Agua"},"content":{"rendered":"<p><strong>De LA PO\u00c9TICA ILUSTRADA<\/strong><br \/>\nChile | 30 minutos | +4 a\u00f1os<\/p>\n<p><strong>&#8220;AGUA&#8221;<\/strong> presenta a Pedro y Marina en Santiago, desconocedores de la escasez de agua en otros lugares hasta que se enfrentan a su desaparici\u00f3n repentina, causada por la contaminaci\u00f3n y la indiferencia humana. La diosa Venus les ense\u00f1a la importancia vital del agua, permitiendo su regreso al mundo. La obra ritual combina lenguaje, danza y m\u00fasica para crear un espacio tranquilo y estimulante, utilizando retroproyecci\u00f3n, iluminaci\u00f3n y efectos especiales para representar el agua como un personaje esencial y latente.<\/p>\n<p><strong>Ficha art\u00edstica<\/strong><\/p>\n<ul>\n<li>Dramaturgia y Direcci\u00f3n: Carol Arag\u00f3n<\/li>\n<li>Elenco: Lya Miranda y Rodrigo Ar\u00e9valo<\/li>\n<li>Ilustraciones y Retro: Ray\u00e9n Baeza<\/li>\n<li>Dise\u00f1o Sonoro: Vicente Mu\u00f1oz<\/li>\n<li>Dise\u00f1o Esc\u00e9nico: Ray\u00e9n Baeza y Ma Jos\u00e9 Valenzuela<\/li>\n<li>Realizaci\u00f3n Esc\u00e9nica: Taller Secreto<\/li>\n<li>Realizaci\u00f3n de Vestuario: Ray\u00e9n Baeza y Mal\u00fa Munita<\/li>\n<li>Iluminaci\u00f3n: Rodrigo Flaco Barnao\/Ma Jos\u00e9 Valenzuela<\/li>\n<li>Realizaci\u00f3n Audiovisual: Diego Mu\u00f1oz y Juan Luis Gonz\u00e1lez<\/li>\n<li>Gesti\u00f3n de Prensa: Claudia Palominos<\/li>\n<li>RRSS: Genaro Villalobos<\/li>\n<li>Producci\u00f3n: Milagros Producciones<\/li>\n<\/ul>\n<p><strong><br \/>\nFechas<\/strong><\/p>\n<ul>\n<li>S\u00e1bado 24 a las 17:00 horas en Centro Artesanal Los Dominicos<\/li>\n<li>Domingo 25 a las 17:00 horas en Centro Artesanal Los Dominicos<\/li>\n<li>S\u00e1bado 30 a las 17:00 horas en Centro Artesanal Los Dominicos<\/li>\n<li>Domingo 1 a las 17:00 horas en Centro Artesanal Los Dominicos<\/li>\n<\/ul>\n","protected":false},"excerpt":{"rendered":"<p>&#8220;AGUA&#8221; presenta a Pedro y Marina en Santiago, desconocedores de la escasez de agua en otros lugares hasta que se enfrentan a su desaparici\u00f3n repentina, causada por la contaminaci\u00f3n y la indiferencia humana.<\/p>\n","protected":false},"author":1,"featured_media":4029,"template":"","meta":{"_tribe_events_status":"","_tribe_events_status_reason":"","footnotes":""},"tags":[],"tribe_events_cat":[],"class_list":["post-4044","tribe_events","type-tribe_events","status-publish","has-post-thumbnail","hentry"],"yoast_head":"<!-- This site is optimized with the Yoast SEO plugin v25.6 - https:\/\/yoast.com\/wordpress\/plugins\/seo\/ -->\n<title>Agua - Famfest 18<\/title>\n<meta name=\"robots\" content=\"index, follow, max-snippet:-1, max-image-preview:large, max-video-preview:-1\" \/>\n<link rel=\"canonical\" href=\"https:\/\/www.famfestchile.cl\/?post_type=tribe_events&p=4013\" \/>\n<meta property=\"og:locale\" content=\"en_US\" \/>\n<meta property=\"og:type\" content=\"article\" \/>\n<meta property=\"og:title\" content=\"Agua - Famfest 18\" \/>\n<meta property=\"og:description\" content=\"&quot;AGUA&quot; presenta a Pedro y Marina en Santiago, desconocedores de la escasez de agua en otros lugares hasta que se enfrentan a su desaparici\u00f3n repentina, causada por la contaminaci\u00f3n y la indiferencia humana.\" \/>\n<meta property=\"og:url\" content=\"https:\/\/www.famfestchile.cl\/?post_type=tribe_events&amp;p=4013\" \/>\n<meta property=\"og:site_name\" content=\"Famfest 18\" \/>\n<meta property=\"article:publisher\" content=\"https:\/\/www.facebook.com\/FamfestChile\/\" \/>\n<meta property=\"article:modified_time\" content=\"2024-07-15T19:47:24+00:00\" \/>\n<meta property=\"og:image\" content=\"https:\/\/www.famfestchile.cl\/wp-content\/uploads\/2024\/07\/agua.jpg\" \/>\n\t<meta property=\"og:image:width\" content=\"970\" \/>\n\t<meta property=\"og:image:height\" content=\"470\" \/>\n\t<meta property=\"og:image:type\" content=\"image\/jpeg\" \/>\n<meta name=\"twitter:card\" content=\"summary_large_image\" \/>\n<meta name=\"twitter:site\" content=\"@famfestcl\" \/>\n<meta name=\"twitter:label1\" content=\"Est. reading time\" \/>\n\t<meta name=\"twitter:data1\" content=\"1 minute\" \/>\n<script type=\"application\/ld+json\" class=\"yoast-schema-graph\">{\"@context\":\"https:\/\/schema.org\",\"@graph\":[{\"@type\":\"WebPage\",\"@id\":\"https:\/\/www.famfestchile.cl\/?post_type=tribe_events&p=4013\",\"url\":\"https:\/\/www.famfestchile.cl\/?post_type=tribe_events&p=4013\",\"name\":\"Agua - Famfest 18\",\"isPartOf\":{\"@id\":\"https:\/\/www.famfestchile.cl\/#website\"},\"primaryImageOfPage\":{\"@id\":\"https:\/\/www.famfestchile.cl\/?post_type=tribe_events&p=4013#primaryimage\"},\"image\":{\"@id\":\"https:\/\/www.famfestchile.cl\/?post_type=tribe_events&p=4013#primaryimage\"},\"thumbnailUrl\":\"https:\/\/www.famfestchile.cl\/wp-content\/uploads\/2024\/07\/agua.jpg\",\"datePublished\":\"2024-07-15T18:47:28+00:00\",\"dateModified\":\"2024-07-15T19:47:24+00:00\",\"breadcrumb\":{\"@id\":\"https:\/\/www.famfestchile.cl\/?post_type=tribe_events&p=4013#breadcrumb\"},\"inLanguage\":\"en-US\",\"potentialAction\":[{\"@type\":\"ReadAction\",\"target\":[\"https:\/\/www.famfestchile.cl\/?post_type=tribe_events&p=4013\"]}]},{\"@type\":\"ImageObject\",\"inLanguage\":\"en-US\",\"@id\":\"https:\/\/www.famfestchile.cl\/?post_type=tribe_events&p=4013#primaryimage\",\"url\":\"https:\/\/www.famfestchile.cl\/wp-content\/uploads\/2024\/07\/agua.jpg\",\"contentUrl\":\"https:\/\/www.famfestchile.cl\/wp-content\/uploads\/2024\/07\/agua.jpg\",\"width\":970,\"height\":470},{\"@type\":\"BreadcrumbList\",\"@id\":\"https:\/\/www.famfestchile.cl\/?post_type=tribe_events&p=4013#breadcrumb\",\"itemListElement\":[{\"@type\":\"ListItem\",\"position\":1,\"name\":\"Portada\",\"item\":\"https:\/\/www.famfestchile.cl\/\"},{\"@type\":\"ListItem\",\"position\":2,\"name\":\"Eventos\",\"item\":\"https:\/\/www.famfestchile.cl\/eventos\/\"},{\"@type\":\"ListItem\",\"position\":3,\"name\":\"Agua\"}]},{\"@type\":\"WebSite\",\"@id\":\"https:\/\/www.famfestchile.cl\/#website\",\"url\":\"https:\/\/www.famfestchile.cl\/\",\"name\":\"Famfest 18\",\"description\":\"Hilando historias\",\"publisher\":{\"@id\":\"https:\/\/www.famfestchile.cl\/#organization\"},\"potentialAction\":[{\"@type\":\"SearchAction\",\"target\":{\"@type\":\"EntryPoint\",\"urlTemplate\":\"https:\/\/www.famfestchile.cl\/?s={search_term_string}\"},\"query-input\":{\"@type\":\"PropertyValueSpecification\",\"valueRequired\":true,\"valueName\":\"search_term_string\"}}],\"inLanguage\":\"en-US\"},{\"@type\":\"Organization\",\"@id\":\"https:\/\/www.famfestchile.cl\/#organization\",\"name\":\"Famfest 18\",\"url\":\"https:\/\/www.famfestchile.cl\/\",\"logo\":{\"@type\":\"ImageObject\",\"inLanguage\":\"en-US\",\"@id\":\"https:\/\/www.famfestchile.cl\/#\/schema\/logo\/image\/\",\"url\":\"https:\/\/www.famfestchile.cl\/wp-content\/uploads\/2025\/06\/logo-footer.png\",\"contentUrl\":\"https:\/\/www.famfestchile.cl\/wp-content\/uploads\/2025\/06\/logo-footer.png\",\"width\":483,\"height\":484,\"caption\":\"Famfest 18\"},\"image\":{\"@id\":\"https:\/\/www.famfestchile.cl\/#\/schema\/logo\/image\/\"},\"sameAs\":[\"https:\/\/www.facebook.com\/FamfestChile\/\",\"https:\/\/x.com\/famfestcl\",\"https:\/\/www.instagram.com\/famfestcl\/?hl=es-la\",\"https:\/\/www.youtube.com\/c\/FamfestMori\"]}]}<\/script>\n<!-- \/ Yoast SEO plugin. -->","yoast_head_json":{"title":"Agua - Famfest 18","robots":{"index":"index","follow":"follow","max-snippet":"max-snippet:-1","max-image-preview":"max-image-preview:large","max-video-preview":"max-video-preview:-1"},"canonical":"https:\/\/www.famfestchile.cl\/?post_type=tribe_events&p=4013","og_locale":"en_US","og_type":"article","og_title":"Agua - Famfest 18","og_description":"\"AGUA\" presenta a Pedro y Marina en Santiago, desconocedores de la escasez de agua en otros lugares hasta que se enfrentan a su desaparici\u00f3n repentina, causada por la contaminaci\u00f3n y la indiferencia humana.","og_url":"https:\/\/www.famfestchile.cl\/?post_type=tribe_events&p=4013","og_site_name":"Famfest 18","article_publisher":"https:\/\/www.facebook.com\/FamfestChile\/","article_modified_time":"2024-07-15T19:47:24+00:00","og_image":[{"width":970,"height":470,"url":"https:\/\/www.famfestchile.cl\/wp-content\/uploads\/2024\/07\/agua.jpg","type":"image\/jpeg"}],"twitter_card":"summary_large_image","twitter_site":"@famfestcl","twitter_misc":{"Est. reading time":"1 minute"},"schema":{"@context":"https:\/\/schema.org","@graph":[{"@type":"WebPage","@id":"https:\/\/www.famfestchile.cl\/?post_type=tribe_events&p=4013","url":"https:\/\/www.famfestchile.cl\/?post_type=tribe_events&p=4013","name":"Agua - Famfest 18","isPartOf":{"@id":"https:\/\/www.famfestchile.cl\/#website"},"primaryImageOfPage":{"@id":"https:\/\/www.famfestchile.cl\/?post_type=tribe_events&p=4013#primaryimage"},"image":{"@id":"https:\/\/www.famfestchile.cl\/?post_type=tribe_events&p=4013#primaryimage"},"thumbnailUrl":"https:\/\/www.famfestchile.cl\/wp-content\/uploads\/2024\/07\/agua.jpg","datePublished":"2024-07-15T18:47:28+00:00","dateModified":"2024-07-15T19:47:24+00:00","breadcrumb":{"@id":"https:\/\/www.famfestchile.cl\/?post_type=tribe_events&p=4013#breadcrumb"},"inLanguage":"en-US","potentialAction":[{"@type":"ReadAction","target":["https:\/\/www.famfestchile.cl\/?post_type=tribe_events&p=4013"]}]},{"@type":"ImageObject","inLanguage":"en-US","@id":"https:\/\/www.famfestchile.cl\/?post_type=tribe_events&p=4013#primaryimage","url":"https:\/\/www.famfestchile.cl\/wp-content\/uploads\/2024\/07\/agua.jpg","contentUrl":"https:\/\/www.famfestchile.cl\/wp-content\/uploads\/2024\/07\/agua.jpg","width":970,"height":470},{"@type":"BreadcrumbList","@id":"https:\/\/www.famfestchile.cl\/?post_type=tribe_events&p=4013#breadcrumb","itemListElement":[{"@type":"ListItem","position":1,"name":"Portada","item":"https:\/\/www.famfestchile.cl\/"},{"@type":"ListItem","position":2,"name":"Eventos","item":"https:\/\/www.famfestchile.cl\/eventos\/"},{"@type":"ListItem","position":3,"name":"Agua"}]},{"@type":"WebSite","@id":"https:\/\/www.famfestchile.cl\/#website","url":"https:\/\/www.famfestchile.cl\/","name":"Famfest 18","description":"Hilando historias","publisher":{"@id":"https:\/\/www.famfestchile.cl\/#organization"},"potentialAction":[{"@type":"SearchAction","target":{"@type":"EntryPoint","urlTemplate":"https:\/\/www.famfestchile.cl\/?s={search_term_string}"},"query-input":{"@type":"PropertyValueSpecification","valueRequired":true,"valueName":"search_term_string"}}],"inLanguage":"en-US"},{"@type":"Organization","@id":"https:\/\/www.famfestchile.cl\/#organization","name":"Famfest 18","url":"https:\/\/www.famfestchile.cl\/","logo":{"@type":"ImageObject","inLanguage":"en-US","@id":"https:\/\/www.famfestchile.cl\/#\/schema\/logo\/image\/","url":"https:\/\/www.famfestchile.cl\/wp-content\/uploads\/2025\/06\/logo-footer.png","contentUrl":"https:\/\/www.famfestchile.cl\/wp-content\/uploads\/2025\/06\/logo-footer.png","width":483,"height":484,"caption":"Famfest 18"},"image":{"@id":"https:\/\/www.famfestchile.cl\/#\/schema\/logo\/image\/"},"sameAs":["https:\/\/www.facebook.com\/FamfestChile\/","https:\/\/x.com\/famfestcl","https:\/\/www.instagram.com\/famfestcl\/?hl=es-la","https:\/\/www.youtube.com\/c\/FamfestMori"]}]}},"_links":{"self":[{"href":"https:\/\/www.famfestchile.cl\/en\/wp-json\/wp\/v2\/tribe_events\/4044","targetHints":{"allow":["GET"]}}],"collection":[{"href":"https:\/\/www.famfestchile.cl\/en\/wp-json\/wp\/v2\/tribe_events"}],"about":[{"href":"https:\/\/www.famfestchile.cl\/en\/wp-json\/wp\/v2\/types\/tribe_events"}],"author":[{"embeddable":true,"href":"https:\/\/www.famfestchile.cl\/en\/wp-json\/wp\/v2\/users\/1"}],"version-history":[{"count":1,"href":"https:\/\/www.famfestchile.cl\/en\/wp-json\/wp\/v2\/tribe_events\/4044\/revisions"}],"predecessor-version":[{"id":4045,"href":"https:\/\/www.famfestchile.cl\/en\/wp-json\/wp\/v2\/tribe_events\/4044\/revisions\/4045"}],"wp:featuredmedia":[{"embeddable":true,"href":"https:\/\/www.famfestchile.cl\/en\/wp-json\/wp\/v2\/media\/4029"}],"wp:attachment":[{"href":"https:\/\/www.famfestchile.cl\/en\/wp-json\/wp\/v2\/media?parent=4044"}],"wp:term":[{"taxonomy":"post_tag","embeddable":true,"href":"https:\/\/www.famfestchile.cl\/en\/wp-json\/wp\/v2\/tags?post=4044"},{"taxonomy":"tribe_events_cat","embeddable":true,"href":"https:\/\/www.famfestchile.cl\/en\/wp-json\/wp\/v2\/tribe_events_cat?post=4044"}],"curies":[{"name":"wp","href":"https:\/\/api.w.org\/{rel}","templated":true}]}}